{"id":18,"date":"2022-08-25T10:04:32","date_gmt":"2022-08-25T14:04:32","guid":{"rendered":"https:\/\/mariefrancemathieu.com\/brouillon\/?page_id=18"},"modified":"2025-08-27T09:33:02","modified_gmt":"2025-08-27T13:33:02","slug":"projets","status":"publish","type":"page","link":"https:\/\/mariefrancemathieu.com\/en\/projets\/","title":{"rendered":"Projets"},"content":{"rendered":"<div class=\"wp-block-media-text alignwide is-stacked-on-mobile\" style=\"grid-template-columns:27% auto\"><figure class=\"wp-block-media-text__media\"><a href=\"\/en\/www.oprq.org\/\" target=\"_blank\" rel=\"noreferrer noopener\"><img loading=\"lazy\" decoding=\"async\" width=\"1024\" height=\"682\" src=\"https:\/\/mariefrancemathieu.com\/brouillon\/wp-content\/uploads\/2022\/08\/OPRQ_Janv-2021_cheffe-1024x682.jpg\" alt=\"\" class=\"wp-image-98 size-full\" srcset=\"https:\/\/mariefrancemathieu.com\/wp-content\/uploads\/2022\/08\/OPRQ_Janv-2021_cheffe-1024x682.jpg 1024w, https:\/\/mariefrancemathieu.com\/wp-content\/uploads\/2022\/08\/OPRQ_Janv-2021_cheffe-300x200.jpg 300w, https:\/\/mariefrancemathieu.com\/wp-content\/uploads\/2022\/08\/OPRQ_Janv-2021_cheffe-768x512.jpg 768w, https:\/\/mariefrancemathieu.com\/wp-content\/uploads\/2022\/08\/OPRQ_Janv-2021_cheffe.jpg 1250w\" sizes=\"auto, (max-width: 1024px) 100vw, 1024px\" \/><\/a><\/figure><div class=\"wp-block-media-text__content\">\n<h4 class=\"wp-block-heading alignwide\">Directrice musicale de l&rsquo;Orchestre Philharmonique de la Rel\u00e8ve du Qu\u00e9bec<\/h4>\n<\/div><\/div>\n\n\n\n<div style=\"height:50px\" aria-hidden=\"true\" class=\"wp-block-spacer\"><\/div>\n\n\n\n<div class=\"wp-block-media-text is-stacked-on-mobile\" style=\"grid-template-columns:27% auto\"><figure class=\"wp-block-media-text__media\"><a href=\"https:\/\/mariefrancemathieu.com\/en\/brouillon\/conferences\/\" target=\"_blank\" rel=\"noreferrer noopener\"><img loading=\"lazy\" decoding=\"async\" width=\"1024\" height=\"683\" src=\"https:\/\/mariefrancemathieu.com\/brouillon\/wp-content\/uploads\/2023\/07\/Marie-France-Mathieu-Fenetres_5a_credit-1024x683.jpg\" alt=\"\" class=\"wp-image-198 size-full\" srcset=\"https:\/\/mariefrancemathieu.com\/wp-content\/uploads\/2023\/07\/Marie-France-Mathieu-Fenetres_5a_credit-1024x683.jpg 1024w, https:\/\/mariefrancemathieu.com\/wp-content\/uploads\/2023\/07\/Marie-France-Mathieu-Fenetres_5a_credit-300x200.jpg 300w, https:\/\/mariefrancemathieu.com\/wp-content\/uploads\/2023\/07\/Marie-France-Mathieu-Fenetres_5a_credit-768x512.jpg 768w, https:\/\/mariefrancemathieu.com\/wp-content\/uploads\/2023\/07\/Marie-France-Mathieu-Fenetres_5a_credit-1536x1024.jpg 1536w, https:\/\/mariefrancemathieu.com\/wp-content\/uploads\/2023\/07\/Marie-France-Mathieu-Fenetres_5a_credit-2048x1365.jpg 2048w\" sizes=\"auto, (max-width: 1024px) 100vw, 1024px\" \/><\/a><\/figure><div class=\"wp-block-media-text__content\">\n<h4 class=\"wp-block-heading\">Enseignement de la direction d&rsquo;orchestre<\/h4>\n\n\n\n<p class=\"has-tablet-text-align-left has-mobile-text-align-left\">D\u00e9couvrez mes m\u00e9thodes et strat\u00e9gies pour d\u00e9velopper votre plein potentiel en direction d&rsquo;orchestre.<br>Qu\u00e9bec, Montr\u00e9al, Ottawa, Londres, cours priv\u00e9s, de groupe et autres formules!<\/p>\n<\/div><\/div>\n\n\n\n<div style=\"height:50px\" aria-hidden=\"true\" class=\"wp-block-spacer\"><\/div>\n\n\n\n<div class=\"wp-block-media-text is-stacked-on-mobile\" style=\"grid-template-columns:27% auto\"><figure class=\"wp-block-media-text__media\"><a href=\"https:\/\/mariefrancemathieu.com\/en\/brouillon\/conferences\/\" target=\"_blank\" rel=\"noreferrer noopener\"><img loading=\"lazy\" decoding=\"async\" width=\"1024\" height=\"683\" src=\"https:\/\/mariefrancemathieu.com\/brouillon\/wp-content\/uploads\/2022\/08\/magical-6046020_1920-1024x683.jpg\" alt=\"\" class=\"wp-image-102 size-full\" srcset=\"https:\/\/mariefrancemathieu.com\/wp-content\/uploads\/2022\/08\/magical-6046020_1920-1024x683.jpg 1024w, https:\/\/mariefrancemathieu.com\/wp-content\/uploads\/2022\/08\/magical-6046020_1920-300x200.jpg 300w, https:\/\/mariefrancemathieu.com\/wp-content\/uploads\/2022\/08\/magical-6046020_1920-768x512.jpg 768w, https:\/\/mariefrancemathieu.com\/wp-content\/uploads\/2022\/08\/magical-6046020_1920-1536x1024.jpg 1536w, https:\/\/mariefrancemathieu.com\/wp-content\/uploads\/2022\/08\/magical-6046020_1920.jpg 1920w\" sizes=\"auto, (max-width: 1024px) 100vw, 1024px\" \/><\/a><\/figure><div class=\"wp-block-media-text__content\">\n<h4 class=\"wp-block-heading\">Conf\u00e9rences et ateliers sur la cr\u00e9ativit\u00e9 et le e leadership cr\u00e9atif<\/h4>\n\n\n\n<p>Vous souhaitez optimiser vos pratiques professionnelles et le travail de vos \u00e9quipe face \u00e0 la gestion du changement? Vous souhaitez vous d\u00e9marquer face \u00e0 la concurrence? D\u00e9velopper des aptitudes face l\u00e0 la prise de risque? Mes conf\u00e9rences sur le leadership cr\u00e9atif vous permettrons d\u2019atteindre vos cibles en la mati\u00e8re.<\/p>\n<\/div><\/div>\n\n\n\n<div style=\"height:50px\" aria-hidden=\"true\" class=\"wp-block-spacer\"><\/div>\n\n\n\n<div class=\"wp-block-media-text alignwide is-stacked-on-mobile\" style=\"grid-template-columns:27% auto\"><figure class=\"wp-block-media-text__media\"><a href=\"https:\/\/mariefrancemathieu.com\/en\/brouillon\/conferences\/\" target=\"_blank\" rel=\"noreferrer noopener\"><img loading=\"lazy\" decoding=\"async\" width=\"800\" height=\"762\" src=\"https:\/\/mariefrancemathieu.com\/brouillon\/wp-content\/uploads\/2025\/08\/Marie-France-Mathieu_protrait-clarinette.jpg\" alt=\"\" class=\"wp-image-384 size-full\" srcset=\"https:\/\/mariefrancemathieu.com\/wp-content\/uploads\/2025\/08\/Marie-France-Mathieu_protrait-clarinette.jpg 800w, https:\/\/mariefrancemathieu.com\/wp-content\/uploads\/2025\/08\/Marie-France-Mathieu_protrait-clarinette-300x286.jpg 300w, https:\/\/mariefrancemathieu.com\/wp-content\/uploads\/2025\/08\/Marie-France-Mathieu_protrait-clarinette-768x732.jpg 768w, https:\/\/mariefrancemathieu.com\/wp-content\/uploads\/2025\/08\/Marie-France-Mathieu_protrait-clarinette-13x12.jpg 13w, https:\/\/mariefrancemathieu.com\/wp-content\/uploads\/2025\/08\/Marie-France-Mathieu_protrait-clarinette-500x476.jpg 500w\" sizes=\"auto, (max-width: 800px) 100vw, 800px\" \/><\/a><\/figure><div class=\"wp-block-media-text__content\">\n<h4 class=\"wp-block-heading\">Clarinette &#8211; musique de chambre et enseignement<\/h4>\n\n\n\n<p>En plus de ma carri\u00e8re de cheffe d&rsquo;orchestre, je suis aussi clarinettiste. J&rsquo;affectionne particuli\u00e8rement la musique de chambre. On dit que mon jeu \u00e0 qu&rsquo;il a une sonorit\u00e9 velout\u00e9, riche et expressive.<br>J&rsquo;enseigne aussi la clarinette autant aux d\u00e9butants et d\u00e9butantes qu&rsquo;aux interm\u00e9diaires.<br>N&rsquo;h\u00e9sitez pas \u00e0 faire appel \u00e0 moi via <a href=\"https:\/\/mariefrancemathieu.com\/en\/brouillon\/contacts\/\" data-type=\"page\" data-id=\"22\">mon formulaire de contact.<\/a><\/p>\n<\/div><\/div>\n\n\n\n<div style=\"height:50px\" aria-hidden=\"true\" class=\"wp-block-spacer\"><\/div>\n\n\n\n<div class=\"wp-block-media-text alignwide is-stacked-on-mobile\" style=\"grid-template-columns:27% auto\"><figure class=\"wp-block-media-text__media\"><a href=\"https:\/\/blog.mariefrancemathieu.com\" target=\"_blank\" rel=\"noreferrer noopener\"><img loading=\"lazy\" decoding=\"async\" width=\"960\" height=\"679\" src=\"https:\/\/mariefrancemathieu.com\/brouillon\/wp-content\/uploads\/2022\/08\/Cover_grand_titre-1.jpg\" alt=\"\" class=\"wp-image-96 size-full\" srcset=\"https:\/\/mariefrancemathieu.com\/wp-content\/uploads\/2022\/08\/Cover_grand_titre-1.jpg 960w, https:\/\/mariefrancemathieu.com\/wp-content\/uploads\/2022\/08\/Cover_grand_titre-1-300x212.jpg 300w, https:\/\/mariefrancemathieu.com\/wp-content\/uploads\/2022\/08\/Cover_grand_titre-1-768x543.jpg 768w\" sizes=\"auto, (max-width: 960px) 100vw, 960px\" \/><\/a><\/figure><div class=\"wp-block-media-text__content\">\n<h4 class=\"wp-block-heading\">Les Chroniques de la cheffe<\/h4>\n\n\n\n<p>D\u00e9couvrez mon blog contenant des articles, des entrevues et des outils \u00e0 la vie artistique.<\/p>\n<\/div><\/div>\n\n\n\n<div style=\"height:50px\" aria-hidden=\"true\" class=\"wp-block-spacer\"><\/div>\n\n\n\n<div class=\"wp-block-media-text alignwide is-stacked-on-mobile\" style=\"grid-template-columns:27% auto\"><figure class=\"wp-block-media-text__media\"><a href=\"https:\/\/mariefrancemathieu.com\/en\/brouillon\/arrangements\/\"><img loading=\"lazy\" decoding=\"async\" width=\"1024\" height=\"683\" src=\"https:\/\/mariefrancemathieu.com\/brouillon\/wp-content\/uploads\/2024\/03\/clarinet-86157_1920-1024x683.jpg\" alt=\"\" class=\"wp-image-294 size-full\" srcset=\"https:\/\/mariefrancemathieu.com\/wp-content\/uploads\/2024\/03\/clarinet-86157_1920-1024x683.jpg 1024w, https:\/\/mariefrancemathieu.com\/wp-content\/uploads\/2024\/03\/clarinet-86157_1920-300x200.jpg 300w, https:\/\/mariefrancemathieu.com\/wp-content\/uploads\/2024\/03\/clarinet-86157_1920-768x512.jpg 768w, https:\/\/mariefrancemathieu.com\/wp-content\/uploads\/2024\/03\/clarinet-86157_1920-1536x1024.jpg 1536w, https:\/\/mariefrancemathieu.com\/wp-content\/uploads\/2024\/03\/clarinet-86157_1920-500x333.jpg 500w, https:\/\/mariefrancemathieu.com\/wp-content\/uploads\/2024\/03\/clarinet-86157_1920-800x533.jpg 800w, https:\/\/mariefrancemathieu.com\/wp-content\/uploads\/2024\/03\/clarinet-86157_1920-1280x853.jpg 1280w, https:\/\/mariefrancemathieu.com\/wp-content\/uploads\/2024\/03\/clarinet-86157_1920.jpg 1920w\" sizes=\"auto, (max-width: 1024px) 100vw, 1024px\" \/><\/a><\/figure><div class=\"wp-block-media-text__content\">\n<h4 class=\"wp-block-heading\">Arrangements musicaux<\/h4>\n\n\n\n<p>D\u00e9couvrez mes arrangements musicaux disponible pour location, pour orchestre symphonique, orchestre de chambre, orchestre \u00e0 cordes, dixtuor et diverses formations.<\/p>\n<\/div><\/div>\n\n\n\n<div style=\"height:50px\" aria-hidden=\"true\" class=\"wp-block-spacer\"><\/div>\n\n\n\n<div class=\"wp-block-media-text alignwide is-stacked-on-mobile\" style=\"grid-template-columns:27% auto\"><figure class=\"wp-block-media-text__media\"><a href=\"https:\/\/blog.mariefrancemathieu.com\" target=\"_blank\" rel=\"noreferrer noopener\"><img loading=\"lazy\" decoding=\"async\" width=\"1024\" height=\"682\" src=\"https:\/\/mariefrancemathieu.com\/brouillon\/wp-content\/uploads\/2023\/07\/Marie-France-Mathieu_OPRQ-1-1024x682.jpg\" alt=\"\" class=\"wp-image-183 size-full\" srcset=\"https:\/\/mariefrancemathieu.com\/wp-content\/uploads\/2023\/07\/Marie-France-Mathieu_OPRQ-1-1024x682.jpg 1024w, https:\/\/mariefrancemathieu.com\/wp-content\/uploads\/2023\/07\/Marie-France-Mathieu_OPRQ-1-300x200.jpg 300w, https:\/\/mariefrancemathieu.com\/wp-content\/uploads\/2023\/07\/Marie-France-Mathieu_OPRQ-1-768x512.jpg 768w, https:\/\/mariefrancemathieu.com\/wp-content\/uploads\/2023\/07\/Marie-France-Mathieu_OPRQ-1.jpg 1520w\" sizes=\"auto, (max-width: 1024px) 100vw, 1024px\" \/><\/a><\/figure><div class=\"wp-block-media-text__content\">\n<h4 class=\"wp-block-heading\">Recherches en direction d&rsquo;orchestre<\/h4>\n\n\n\n<p>Suivez mes travaux de recherches en d\u00e9veloppement et optimisation de la gestuelle de la direction d\u2019orchestre \u00e0 travers mon blog <a class=\"ek-link\" href=\"https:\/\/blog.mariefrancemathieu.com\">Les chroniques de la cheffe<\/a>.<\/p>\n<\/div><\/div>\n\n\n\n<p><\/p>","protected":false},"excerpt":{"rendered":"<p>Directrice musicale de l&rsquo;Orchestre Philharmonique de la Rel\u00e8ve du Qu\u00e9bec Enseignement de la direction d&rsquo;orchestre D\u00e9couvrez mes m\u00e9thodes et strat\u00e9gies pour d\u00e9velopper votre plein potentiel en direction d&rsquo;orchestre.Qu\u00e9bec, Montr\u00e9al, Ottawa, Londres, cours priv\u00e9s, de groupe et autres formules! Conf\u00e9rences et ateliers sur la cr\u00e9ativit\u00e9 et le e leadership cr\u00e9atif Vous souhaitez optimiser vos pratiques professionnelles [&hellip;]<\/p>","protected":false},"author":1,"featured_media":0,"parent":0,"menu_order":0,"comment_status":"closed","ping_status":"closed","template":"","meta":{"_editorskit_title_hidden":false,"_editorskit_reading_time":1,"_editorskit_is_block_options_detached":false,"_editorskit_block_options_position":"{}","site-sidebar-layout":"default","site-content-layout":"","ast-site-content-layout":"default","site-content-style":"default","site-sidebar-style":"default","ast-global-header-display":"","ast-banner-title-visibility":"","ast-main-header-display":"","ast-hfb-above-header-display":"","ast-hfb-below-header-display":"","ast-hfb-mobile-header-display":"","site-post-title":"disabled","ast-breadcrumbs-content":"","ast-featured-img":"","footer-sml-layout":"","ast-disable-related-posts":"","theme-transparent-header-meta":"","adv-header-id-meta":"","stick-header-meta":"","header-above-stick-meta":"","header-main-stick-meta":"","header-below-stick-meta":"","astra-migrate-meta-layouts":"set","ast-page-background-enabled":"default","ast-page-background-meta":{"desktop":{"background-color":"var(--ast-global-color-4)","background-image":"","background-repeat":"repeat","background-position":"center center","background-size":"auto","background-attachment":"scroll","background-type":"","background-media":"","overlay-type":"","overlay-color":"","overlay-opacity":"","overlay-gradient":""},"tablet":{"background-color":"","background-image":"","background-repeat":"repeat","background-position":"center center","background-size":"auto","background-attachment":"scroll","background-type":"","background-media":"","overlay-type":"","overlay-color":"","overlay-opacity":"","overlay-gradient":""},"mobile":{"background-color":"","background-image":"","background-repeat":"repeat","background-position":"center center","background-size":"auto","background-attachment":"scroll","background-type":"","background-media":"","overlay-type":"","overlay-color":"","overlay-opacity":"","overlay-gradient":""}},"ast-content-background-meta":{"desktop":{"background-color":"var(--ast-global-color-5)","background-image":"","background-repeat":"repeat","background-position":"center center","background-size":"auto","background-attachment":"scroll","background-type":"","background-media":"","overlay-type":"","overlay-color":"","overlay-opacity":"","overlay-gradient":""},"tablet":{"background-color":"var(--ast-global-color-5)","background-image":"","background-repeat":"repeat","background-position":"center center","background-size":"auto","background-attachment":"scroll","background-type":"","background-media":"","overlay-type":"","overlay-color":"","overlay-opacity":"","overlay-gradient":""},"mobile":{"background-color":"var(--ast-global-color-5)","background-image":"","background-repeat":"repeat","background-position":"center center","background-size":"auto","background-attachment":"scroll","background-type":"","background-media":"","overlay-type":"","overlay-color":"","overlay-opacity":"","overlay-gradient":""}},"_vp_format_video_url":"","_vp_image_focal_point":[],"footnotes":""},"class_list":["post-18","page","type-page","status-publish","hentry"],"_links":{"self":[{"href":"https:\/\/mariefrancemathieu.com\/en\/wp-json\/wp\/v2\/pages\/18","targetHints":{"allow":["GET"]}}],"collection":[{"href":"https:\/\/mariefrancemathieu.com\/en\/wp-json\/wp\/v2\/pages"}],"about":[{"href":"https:\/\/mariefrancemathieu.com\/en\/wp-json\/wp\/v2\/types\/page"}],"author":[{"embeddable":true,"href":"https:\/\/mariefrancemathieu.com\/en\/wp-json\/wp\/v2\/users\/1"}],"replies":[{"embeddable":true,"href":"https:\/\/mariefrancemathieu.com\/en\/wp-json\/wp\/v2\/comments?post=18"}],"version-history":[{"count":25,"href":"https:\/\/mariefrancemathieu.com\/en\/wp-json\/wp\/v2\/pages\/18\/revisions"}],"predecessor-version":[{"id":392,"href":"https:\/\/mariefrancemathieu.com\/en\/wp-json\/wp\/v2\/pages\/18\/revisions\/392"}],"wp:attachment":[{"href":"https:\/\/mariefrancemathieu.com\/en\/wp-json\/wp\/v2\/media?parent=18"}],"curies":[{"name":"wp","href":"https:\/\/api.w.org\/{rel}","templated":true}]}}